{"id":2007,"date":"2024-10-04T16:47:27","date_gmt":"2024-10-04T16:47:27","guid":{"rendered":"https:\/\/studio.eklozia.fr\/JVD\/?page_id=2007"},"modified":"2024-12-23T20:25:24","modified_gmt":"2024-12-23T20:25:24","slug":"cv-artiste-plasticienne","status":"publish","type":"page","link":"https:\/\/studio.eklozia.fr\/JVD\/cv-artiste-plasticienne\/","title":{"rendered":"CV artiste plasticienne"},"content":{"rendered":"\n<div class=\"wp-block-uagb-container uagb-block-d074255c alignfull uagb-is-root-container\"><div class=\"uagb-container-inner-blocks-wrap\">\n<div class=\"wp-block-uagb-advanced-heading uagb-block-eaaaeb64\"><h1 class=\"uagb-heading-text\">CV d&rsquo;artiste plasticienne<\/h1><p class=\"uagb-desc-text\">D\u00e9couvre ci-dessous mon parcours, etc. etc. nt, similique sunt in culpa qui officia deserunt mollitia animi, id est laborum et dolorum fuga.<\/p><\/div>\n\n\n\n<div class=\"wp-block-uagb-buttons uagb-buttons__outer-wrap uagb-btn__default-btn uagb-btn-tablet__default-btn uagb-btn-mobile__default-btn uagb-block-2e115025\"><div class=\"uagb-buttons__wrap uagb-buttons-layout-wrap \">\n<div class=\"wp-block-uagb-buttons-child uagb-buttons__outer-wrap uagb-block-264695d1 wp-block-button boutonaccueil\"><div class=\"uagb-button__wrapper\"><a class=\"uagb-buttons-repeater ast-outline-button\" aria-label=\"\" style=\"border-width:revert-layer\" href=\"https:\/\/studio.eklozia.fr\/JVD\/\" rel=\"follow noopener\" target=\"_self\" role=\"button\"><div class=\"uagb-button__link\">Accueil<\/div><\/a><\/div><\/div>\n\n\n\n<div class=\"wp-block-uagb-buttons-child uagb-buttons__outer-wrap uagb-block-c317b2b5 wp-block-button\"><div class=\"uagb-button__wrapper\"><a class=\"uagb-buttons-repeater ast-outline-button\" aria-label=\"\" style=\"border-width:revert-layer\" href=\"https:\/\/studio.eklozia.fr\/JVD\/demarche-artistique\/\" rel=\"follow noopener\" target=\"_self\" role=\"button\"><div class=\"uagb-button__link\">D\u00e9marche artistique<\/div><\/a><\/div><\/div>\n\n\n\n<div class=\"wp-block-uagb-buttons-child uagb-buttons__outer-wrap uagb-block-d22ea6d3 wp-block-button\"><div class=\"uagb-button__wrapper\"><a class=\"uagb-buttons-repeater wp-block-button__link\" aria-label=\"\" href=\"https:\/\/studio.eklozia.fr\/JVD\/cv-artiste-plasticienne\/\" rel=\"follow noopener\" target=\"_self\" role=\"button\"><div class=\"uagb-button__link\">CV<\/div><\/a><\/div><\/div>\n\n\n\n<div class=\"wp-block-uagb-buttons-child uagb-buttons__outer-wrap uagb-block-6df6b11b wp-block-button\"><div class=\"uagb-button__wrapper\"><a class=\"uagb-buttons-repeater ast-outline-button\" aria-label=\"\" style=\"border-width:revert-layer\" href=\"https:\/\/studio.eklozia.fr\/JVD\/engagements\/\" rel=\"follow noopener\" target=\"_self\" role=\"button\"><div class=\"uagb-button__link\">Engagements<\/div><\/a><\/div><\/div>\n<\/div><\/div>\n<\/div><\/div>\n\n\n\n<div class=\"wp-block-uagb-container uagb-block-3e269c70 alignfull uagb-is-root-container\"><div class=\"uagb-container-inner-blocks-wrap\">\n<div class=\"wp-block-uagb-container uagb-block-586a81b1\">\n<div class=\"wp-block-uagb-image uagb-block-ca80b55b wp-block-uagb-image--layout-default wp-block-uagb-image--effect-static wp-block-uagb-image--align-none\"><figure class=\"wp-block-uagb-image__figure\"><img decoding=\"async\" srcset=\"https:\/\/studio.eklozia.fr\/JVD\/wp-content\/uploads\/2024\/10\/eric-andre-photographe-437-683x1024.jpg ,https:\/\/studio.eklozia.fr\/JVD\/wp-content\/uploads\/2024\/10\/eric-andre-photographe-437.jpg 780w, https:\/\/studio.eklozia.fr\/JVD\/wp-content\/uploads\/2024\/10\/eric-andre-photographe-437.jpg 360w\" sizes=\"auto, (max-width: 480px) 150px\" src=\"https:\/\/studio.eklozia.fr\/JVD\/wp-content\/uploads\/2024\/10\/eric-andre-photographe-437-683x1024.jpg\" alt=\"\" class=\"uag-image-2206\" width=\"683\" height=\"1024\" title=\"eric andre photographe 437\" loading=\"lazy\" role=\"img\"\/><\/figure><\/div>\n<\/div>\n\n\n\n<div class=\"wp-block-uagb-container uagb-block-ffefdaf9\">\n<div class=\"wp-block-uagb-advanced-heading uagb-block-c5e7a32f\"><h3 class=\"uagb-heading-text\">Expositions collectives et personnelles<\/h3><p class=\"uagb-desc-text\">Exposition solo de sculptures &#8211; H\u00e9rimoncourt &#8211; 2023<br>Festival photographie &#8211; Besan\u00e7on &#8211; 2023<br>Rencontres photographique &#8211; Fondation Manuel Riviera-Ortiz &#8211; Arles &#8211; 2022<br>Exposition collective de photographies &#8211; Galerie de l&rsquo;ancienne Poste &#8211; Besan\u00e7on &#8211; 2022<br>Journ\u00e9e portes ouvertes Institut Sup\u00e9rieur des Beaux-Arts (Isba) &#8211; 2015<br>Workshop : r\u00e9\u00e9criture de l&rsquo;exposition The Family of Man &#8211; Collection de photographies<br>rassembl\u00e9es par Edward Steichen avec Anke Reitz (conservatrice du mus\u00e9e) &#8211; Ch\u00e2teau de<br>Clervaux &#8211; Luxembourg &#8211; 2015<br>Exposition de sculptures &#8211; Lions Club &#8211; Morteau &#8211; 2013<br>Conseil G\u00e9n\u00e9ral &#8211; Besan\u00e7on &#8211; 2012 \u00ab\u00a0Instants de pl\u00e9nitude\u00a0\u00bb<br>Exposition de sculptures &#8211; Lions Club &#8211; Besan\u00e7on &#8211; 2012<br>Atelier de lithographie &#8211; Daniel Donier &#8211; 2012<br>Atelier Art et Mieux \u00catre &#8211; PARIS 18 &#8211; 2004 et 2006<br>Collections priv\u00e9es d&rsquo;entreprises<\/p><\/div>\n\n\n\n<div class=\"wp-block-uagb-advanced-heading uagb-block-840ee8e1\"><h3 class=\"uagb-heading-text\">Formations \/ Masterclass<\/h3><\/div>\n\n\n\n<p>Masterclass photo L\u2019\u0153il de l\u2019esprit &#8211; avec Flore et Sylvie Hugues &#8211; 2023<br>Masterclass photo Oeildeep &#8211; avec Jean Christian Bourcart et Denis Darzacq &#8211; 2022<br>Masterclass \u00e9dition &#8211; avec Jean-Christophe B\u00e9chet &#8211; 2022<br>Formation \u201cpapier autour des plantes\u201d &#8211; avec Viviane Fontaine (Suisse) &#8211; 2022<br>Workshop photo &#8211; avec Andr\u00e9a Mantovani &#8211; 2021<br>Centre de Cr\u00e9ation &#8211; \u00c9cole les \u00ab\u00a0Passeurs de vie\u00a0\u00bb ou l&rsquo;art du vivant (71) &#8211; 2019 \u00e0 2021<br>Institut Sup\u00e9rieur des Beaux Arts (Isba) &#8211; Besan\u00e7on (25) &#8211; Auditrice libre &#8211; 2012 \u00e0 2015<br>Formation Son &#8211; avec Aur\u00e9lien Bertini de Radio Campus &#8211; Besan\u00e7on &#8211; Initiation \u00e0 la cr\u00e9ation radiophonique &#8211; 2014<br>Dessin et Modelage &#8211; Stages d&rsquo;\u00e9t\u00e9 &#8211; avec Jenny Jacottet (39) de 2017 \u00e0 2021<br>Gravure &#8211; Stage \u00e0 l&rsquo;atelier de gravure Circ\u00e9 &#8211; avec Mich\u00e8le Lumbroso &#8211; Paris &#8211; 2013<br>Lithographie &#8211; Stage- avec Daniel Donier &#8211; Ornans (25) &#8211; 2012<br>Sculpture &#8211; Cours avec Paul Gonez &#8211; Besan\u00e7on &#8211; et Mary Sahakian \u2013 Paris<\/p>\n\n\n\n<p>Adagp, la maison des artistes\u2026, \u2026 \u2026 \u2026 \u2026<\/p>\n<\/div>\n<\/div><\/div>\n","protected":false},"excerpt":{"rendered":"<p>CV d&rsquo;artiste plasticienne D\u00e9couvre ci-dessous mon parcours, etc. etc. nt, similique sunt in culpa qui officia deserunt mollitia animi, id est laborum et dolorum fuga. Expositions collectives et personnelles Exposition solo de sculptures &#8211; H\u00e9rimoncourt &#8211; 2023Festival photographie &#8211; Besan\u00e7on &#8211; 2023Rencontres photographique &#8211; Fondation Manuel Riviera-Ortiz &#8211; Arles &#8211; 2022Exposition collective de photographies &#8211; [&hellip;]<\/p>\n","protected":false},"author":1,"featured_media":0,"parent":0,"menu_order":0,"comment_status":"closed","ping_status":"closed","template":"","meta":{"_uag_custom_page_level_css":"","site-sidebar-layout":"no-sidebar","site-content-layout":"plain-container","ast-site-content-layout":"normal-width-container","site-content-style":"unboxed","site-sidebar-style":"unboxed","ast-global-header-display":"","ast-banner-title-visibility":"","ast-main-header-display":"","ast-hfb-above-header-display":"","ast-hfb-below-header-display":"","ast-hfb-mobile-header-display":"","site-post-title":"disabled","ast-breadcrumbs-content":"","ast-featured-img":"disabled","footer-sml-layout":"","theme-transparent-header-meta":"enabled","adv-header-id-meta":"","stick-header-meta":"","header-above-stick-meta":"","header-main-stick-meta":"","header-below-stick-meta":"","astra-migrate-meta-layouts":"set","ast-page-background-enabled":"default","ast-page-background-meta":{"desktop":{"background-color":"","background-image":"","background-repeat":"repeat","background-position":"center center","background-size":"auto","background-attachment":"scroll","background-type":"","background-media":"","overlay-type":"","overlay-color":"","overlay-opacity":"","overlay-gradient":""},"tablet":{"background-color":"","background-image":"","background-repeat":"repeat","background-position":"center center","background-size":"auto","background-attachment":"scroll","background-type":"","background-media":"","overlay-type":"","overlay-color":"","overlay-opacity":"","overlay-gradient":""},"mobile":{"background-color":"","background-image":"","background-repeat":"repeat","background-position":"center center","background-size":"auto","background-attachment":"scroll","background-type":"","background-media":"","overlay-type":"","overlay-color":"","overlay-opacity":"","overlay-gradient":""}},"ast-content-background-meta":{"desktop":{"background-color":"var(--ast-global-color-5)","background-image":"","background-repeat":"repeat","background-position":"center center","background-size":"auto","background-attachment":"scroll","background-type":"","background-media":"","overlay-type":"","overlay-color":"","overlay-opacity":"","overlay-gradient":""},"tablet":{"background-color":"var(--ast-global-color-5)","background-image":"","background-repeat":"repeat","background-position":"center center","background-size":"auto","background-attachment":"scroll","background-type":"","background-media":"","overlay-type":"","overlay-color":"","overlay-opacity":"","overlay-gradient":""},"mobile":{"background-color":"var(--ast-global-color-5)","background-image":"","background-repeat":"repeat","background-position":"center center","background-size":"auto","background-attachment":"scroll","background-type":"","background-media":"","overlay-type":"","overlay-color":"","overlay-opacity":"","overlay-gradient":""}},"footnotes":""},"class_list":["post-2007","page","type-page","status-publish","hentry"],"yoast_head":"<!-- This site is optimized with the Yoast SEO plugin v24.1 - https:\/\/yoast.com\/wordpress\/plugins\/seo\/ -->\n<title>CV artiste plasticienne - Jacqueline Vuillier-Devillers<\/title>\n<meta name=\"robots\" content=\"noindex, follow, max-snippet:-1, max-image-preview:large, max-video-preview:-1\" \/>\n<meta property=\"og:locale\" content=\"fr_FR\" \/>\n<meta property=\"og:type\" content=\"article\" \/>\n<meta property=\"og:title\" content=\"CV artiste plasticienne - Jacqueline Vuillier-Devillers\" \/>\n<meta property=\"og:description\" content=\"CV d&rsquo;artiste plasticienne D\u00e9couvre ci-dessous mon parcours, etc. etc. nt, similique sunt in culpa qui officia deserunt mollitia animi, id est laborum et dolorum fuga. Expositions collectives et personnelles Exposition solo de sculptures &#8211; H\u00e9rimoncourt &#8211; 2023Festival photographie &#8211; Besan\u00e7on &#8211; 2023Rencontres photographique &#8211; Fondation Manuel Riviera-Ortiz &#8211; Arles &#8211; 2022Exposition collective de photographies &#8211; [&hellip;]\" \/>\n<meta property=\"og:url\" content=\"https:\/\/studio.eklozia.fr\/JVD\/cv-artiste-plasticienne\/\" \/>\n<meta property=\"og:site_name\" content=\"Jacqueline Vuillier-Devillers\" \/>\n<meta property=\"article:modified_time\" content=\"2024-12-23T20:25:24+00:00\" \/>\n<meta property=\"og:image\" content=\"https:\/\/studio.eklozia.fr\/JVD\/wp-content\/uploads\/2024\/10\/eric-andre-photographe-437-683x1024.jpg\" \/>\n<meta name=\"twitter:card\" content=\"summary_large_image\" \/>\n<meta name=\"twitter:label1\" content=\"Dur\u00e9e de lecture estim\u00e9e\" \/>\n\t<meta name=\"twitter:data1\" content=\"2 minutes\" \/>\n<script type=\"application\/ld+json\" class=\"yoast-schema-graph\">{\"@context\":\"https:\/\/schema.org\",\"@graph\":[{\"@type\":\"WebPage\",\"@id\":\"https:\/\/studio.eklozia.fr\/JVD\/cv-artiste-plasticienne\/\",\"url\":\"https:\/\/studio.eklozia.fr\/JVD\/cv-artiste-plasticienne\/\",\"name\":\"CV artiste plasticienne - Jacqueline Vuillier-Devillers\",\"isPartOf\":{\"@id\":\"https:\/\/studio.eklozia.fr\/JVD\/#website\"},\"primaryImageOfPage\":{\"@id\":\"https:\/\/studio.eklozia.fr\/JVD\/cv-artiste-plasticienne\/#primaryimage\"},\"image\":{\"@id\":\"https:\/\/studio.eklozia.fr\/JVD\/cv-artiste-plasticienne\/#primaryimage\"},\"thumbnailUrl\":\"https:\/\/studio.eklozia.fr\/JVD\/wp-content\/uploads\/2024\/10\/eric-andre-photographe-437-683x1024.jpg\",\"datePublished\":\"2024-10-04T16:47:27+00:00\",\"dateModified\":\"2024-12-23T20:25:24+00:00\",\"inLanguage\":\"fr-FR\",\"potentialAction\":[{\"@type\":\"ReadAction\",\"target\":[\"https:\/\/studio.eklozia.fr\/JVD\/cv-artiste-plasticienne\/\"]}]},{\"@type\":\"ImageObject\",\"inLanguage\":\"fr-FR\",\"@id\":\"https:\/\/studio.eklozia.fr\/JVD\/cv-artiste-plasticienne\/#primaryimage\",\"url\":\"https:\/\/studio.eklozia.fr\/JVD\/wp-content\/uploads\/2024\/10\/eric-andre-photographe-437.jpg\",\"contentUrl\":\"https:\/\/studio.eklozia.fr\/JVD\/wp-content\/uploads\/2024\/10\/eric-andre-photographe-437.jpg\",\"width\":800,\"height\":1200},{\"@type\":\"WebSite\",\"@id\":\"https:\/\/studio.eklozia.fr\/JVD\/#website\",\"url\":\"https:\/\/studio.eklozia.fr\/JVD\/\",\"name\":\"Jacqueline Vuillier-Devillers\",\"description\":\"\",\"potentialAction\":[{\"@type\":\"SearchAction\",\"target\":{\"@type\":\"EntryPoint\",\"urlTemplate\":\"https:\/\/studio.eklozia.fr\/JVD\/?s={search_term_string}\"},\"query-input\":{\"@type\":\"PropertyValueSpecification\",\"valueRequired\":true,\"valueName\":\"search_term_string\"}}],\"inLanguage\":\"fr-FR\"}]}<\/script>\n<!-- \/ Yoast SEO plugin. -->","yoast_head_json":{"title":"CV artiste plasticienne - Jacqueline Vuillier-Devillers","robots":{"index":"noindex","follow":"follow","max-snippet":"max-snippet:-1","max-image-preview":"max-image-preview:large","max-video-preview":"max-video-preview:-1"},"og_locale":"fr_FR","og_type":"article","og_title":"CV artiste plasticienne - Jacqueline Vuillier-Devillers","og_description":"CV d&rsquo;artiste plasticienne D\u00e9couvre ci-dessous mon parcours, etc. etc. nt, similique sunt in culpa qui officia deserunt mollitia animi, id est laborum et dolorum fuga. Expositions collectives et personnelles Exposition solo de sculptures &#8211; H\u00e9rimoncourt &#8211; 2023Festival photographie &#8211; Besan\u00e7on &#8211; 2023Rencontres photographique &#8211; Fondation Manuel Riviera-Ortiz &#8211; Arles &#8211; 2022Exposition collective de photographies &#8211; [&hellip;]","og_url":"https:\/\/studio.eklozia.fr\/JVD\/cv-artiste-plasticienne\/","og_site_name":"Jacqueline Vuillier-Devillers","article_modified_time":"2024-12-23T20:25:24+00:00","og_image":[{"url":"https:\/\/studio.eklozia.fr\/JVD\/wp-content\/uploads\/2024\/10\/eric-andre-photographe-437-683x1024.jpg","type":"","width":"","height":""}],"twitter_card":"summary_large_image","twitter_misc":{"Dur\u00e9e de lecture estim\u00e9e":"2 minutes"},"schema":{"@context":"https:\/\/schema.org","@graph":[{"@type":"WebPage","@id":"https:\/\/studio.eklozia.fr\/JVD\/cv-artiste-plasticienne\/","url":"https:\/\/studio.eklozia.fr\/JVD\/cv-artiste-plasticienne\/","name":"CV artiste plasticienne - Jacqueline Vuillier-Devillers","isPartOf":{"@id":"https:\/\/studio.eklozia.fr\/JVD\/#website"},"primaryImageOfPage":{"@id":"https:\/\/studio.eklozia.fr\/JVD\/cv-artiste-plasticienne\/#primaryimage"},"image":{"@id":"https:\/\/studio.eklozia.fr\/JVD\/cv-artiste-plasticienne\/#primaryimage"},"thumbnailUrl":"https:\/\/studio.eklozia.fr\/JVD\/wp-content\/uploads\/2024\/10\/eric-andre-photographe-437-683x1024.jpg","datePublished":"2024-10-04T16:47:27+00:00","dateModified":"2024-12-23T20:25:24+00:00","inLanguage":"fr-FR","potentialAction":[{"@type":"ReadAction","target":["https:\/\/studio.eklozia.fr\/JVD\/cv-artiste-plasticienne\/"]}]},{"@type":"ImageObject","inLanguage":"fr-FR","@id":"https:\/\/studio.eklozia.fr\/JVD\/cv-artiste-plasticienne\/#primaryimage","url":"https:\/\/studio.eklozia.fr\/JVD\/wp-content\/uploads\/2024\/10\/eric-andre-photographe-437.jpg","contentUrl":"https:\/\/studio.eklozia.fr\/JVD\/wp-content\/uploads\/2024\/10\/eric-andre-photographe-437.jpg","width":800,"height":1200},{"@type":"WebSite","@id":"https:\/\/studio.eklozia.fr\/JVD\/#website","url":"https:\/\/studio.eklozia.fr\/JVD\/","name":"Jacqueline Vuillier-Devillers","description":"","potentialAction":[{"@type":"SearchAction","target":{"@type":"EntryPoint","urlTemplate":"https:\/\/studio.eklozia.fr\/JVD\/?s={search_term_string}"},"query-input":{"@type":"PropertyValueSpecification","valueRequired":true,"valueName":"search_term_string"}}],"inLanguage":"fr-FR"}]}},"uagb_featured_image_src":{"full":false,"thumbnail":false,"medium":false,"medium_large":false,"large":false,"1536x1536":false,"2048x2048":false},"uagb_author_info":{"display_name":"Lydie","author_link":"https:\/\/studio.eklozia.fr\/JVD\/author\/lydie\/"},"uagb_comment_info":0,"uagb_excerpt":"CV d&rsquo;artiste plasticienne D\u00e9couvre ci-dessous mon parcours, etc. etc. nt, similique sunt in culpa qui officia deserunt mollitia animi, id est laborum et dolorum fuga. Expositions collectives et personnelles Exposition solo de sculptures &#8211; H\u00e9rimoncourt &#8211; 2023Festival photographie &#8211; Besan\u00e7on &#8211; 2023Rencontres photographique &#8211; Fondation Manuel Riviera-Ortiz &#8211; Arles &#8211; 2022Exposition collective de photographies &#8211;\u2026","_links":{"self":[{"href":"https:\/\/studio.eklozia.fr\/JVD\/wp-json\/wp\/v2\/pages\/2007","targetHints":{"allow":["GET"]}}],"collection":[{"href":"https:\/\/studio.eklozia.fr\/JVD\/wp-json\/wp\/v2\/pages"}],"about":[{"href":"https:\/\/studio.eklozia.fr\/JVD\/wp-json\/wp\/v2\/types\/page"}],"author":[{"embeddable":true,"href":"https:\/\/studio.eklozia.fr\/JVD\/wp-json\/wp\/v2\/users\/1"}],"replies":[{"embeddable":true,"href":"https:\/\/studio.eklozia.fr\/JVD\/wp-json\/wp\/v2\/comments?post=2007"}],"version-history":[{"count":21,"href":"https:\/\/studio.eklozia.fr\/JVD\/wp-json\/wp\/v2\/pages\/2007\/revisions"}],"predecessor-version":[{"id":2410,"href":"https:\/\/studio.eklozia.fr\/JVD\/wp-json\/wp\/v2\/pages\/2007\/revisions\/2410"}],"wp:attachment":[{"href":"https:\/\/studio.eklozia.fr\/JVD\/wp-json\/wp\/v2\/media?parent=2007"}],"curies":[{"name":"wp","href":"https:\/\/api.w.org\/{rel}","templated":true}]}}