{"id":690,"date":"2024-09-23T15:24:23","date_gmt":"2024-09-23T15:24:23","guid":{"rendered":"https:\/\/studio.eklozia.fr\/JVD\/services\/"},"modified":"2024-12-20T13:53:50","modified_gmt":"2024-12-20T13:53:50","slug":"services","status":"publish","type":"page","link":"https:\/\/studio.eklozia.fr\/JVD\/","title":{"rendered":"Accueil"},"content":{"rendered":"\n<div class=\"wp-block-uagb-container uagb-block-d074255c alignfull uagb-is-root-container\"><div class=\"uagb-container-inner-blocks-wrap\">\n<div class=\"wp-block-uagb-advanced-heading uagb-block-eaaaeb64\"><h1 class=\"uagb-heading-text\">Artiste plasticienne<\/h1><p class=\"uagb-desc-text\">Jacqueline Vuillier-Devillers vit et travaille entre Besan\u00e7on et le Haut-Doubs o\u00f9 elle est n\u00e9e.<br>C\u2019est \u00e0 travers une \u00e9criture personnelle renouvel\u00e9e, entre autres avec la lumi\u00e8re (photographies \/ vid\u00e9os) ; avec crayons, encres et peintures et aussi \u00e0 partir de blocs de terre, que cette plasticienne parle, nous am\u00e8ne \u00e0 regarder, \u00e0 r\u00e9fl\u00e9chir, \u00e0 ressentir, \u00e0 contacter des th\u00e9matiques li\u00e9es \u00e0 l\u2019existence, \u00e0 la vie.<\/p><\/div>\n<\/div><\/div>\n\n\n\n<div class=\"wp-block-uagb-container uagb-block-bfea1b6b alignfull uagb-is-root-container\"><div class=\"uagb-container-inner-blocks-wrap\">\n<div class=\"wp-block-uagb-container uagb-block-73e97c2b alignfull uagb-is-root-container\"><div class=\"uagb-container-inner-blocks-wrap\">\n<div class=\"wp-block-uagb-info-box uagb-block-e604f5a4 uagb-infobox__content-wrap  uagb-infobox-icon-above-title uagb-infobox-image-valign-top\"><div class=\"uagb-ifb-content\"><div class=\"uagb-ifb-title-wrap\"><h2 class=\"uagb-ifb-title\">Annonce du moment<\/h2><\/div><p class=\"uagb-ifb-desc\">Lorem ipsum dolor sit amet, consectetur adipiscing elit. Ut elit tellus, luctus nec ullamcorper mattis, pulvinar dapibus leo.<\/p><div class=\"uagb-ifb-button-wrapper wp-block-button\"><a href=\"#\" class=\"uagb-infobox-cta-link wp-block-button__link\" target=\"_self\" rel=\"noopener noreferrer\" onclick=\"return false;\"><span class=\"uagb-inline-editing\">Lien \u00e9ventuel<\/span><svg xmlns=\"https:\/\/www.w3.org\/2000\/svg\" viewBox=\"0 0 512 512\"><path d=\"M504.3 273.6l-112.1 104c-6.992 6.484-17.18 8.218-25.94 4.406c-8.758-3.812-14.42-12.45-14.42-21.1L351.9 288H32C14.33 288 .0002 273.7 .0002 255.1S14.33 224 32 224h319.9l0-72c0-9.547 5.66-18.19 14.42-22c8.754-3.809 18.95-2.075 25.94 4.41l112.1 104C514.6 247.9 514.6 264.1 504.3 273.6z\"><\/path><\/svg><\/a><\/div><\/div><\/div>\n<\/div><\/div>\n<\/div><\/div>\n\n\n\n<div class=\"wp-block-uagb-container uagb-block-98817835 alignfull uagb-is-root-container\"><div class=\"uagb-container-inner-blocks-wrap\">\n<div class=\"wp-block-uagb-advanced-heading uagb-block-0b207ee7\"><h2 class=\"uagb-heading-text\">Son univers<\/h2><p class=\"uagb-desc-text\">Elle explore l\u2019humain dans divers environnements et diff\u00e9rentes dimensions de l\u2019\u00catre.<br>Invitant \u00e0 une connaissance de soi dans toute son ampleur : de soi-m\u00eame jusqu\u2019au \u00ab Soi \u00bb.<\/p><\/div>\n\n\n\n<div class=\"wp-block-uagb-container uagb-block-224c628a alignfull uagb-is-root-container\"><div class=\"uagb-container-inner-blocks-wrap\">\n<div class=\"wp-block-uagb-container uagb-block-d178183c\">\n<div class=\"wp-block-uagb-buttons uagb-buttons__outer-wrap uagb-btn__default-btn uagb-btn-tablet__default-btn uagb-btn-mobile__default-btn uagb-block-8bd02c24\"><div class=\"uagb-buttons__wrap uagb-buttons-layout-wrap \">\n<div class=\"wp-block-uagb-buttons-child uagb-buttons__outer-wrap uagb-block-73998b3e wp-block-button\"><div class=\"uagb-button__wrapper\"><a class=\"uagb-buttons-repeater ast-outline-button\" aria-label=\"\" style=\"border-width:revert-layer\" href=\"https:\/\/studio.eklozia.fr\/JVD\/creations\/\" rel=\"follow noopener\" target=\"_self\" role=\"button\"><div class=\"uagb-button__link\">Cr\u00e9ations<\/div><\/a><\/div><\/div>\n<\/div><\/div>\n<a class=\"spectra-container-link-overlay\" rel=\"noopener\" href=\"https:\/\/studio.eklozia.fr\/JVD\/creations\/\"> <\/a><\/div>\n\n\n\n<div class=\"wp-block-uagb-container uagb-block-fde6ac96\">\n<div class=\"wp-block-uagb-buttons uagb-buttons__outer-wrap uagb-btn__default-btn uagb-btn-tablet__default-btn uagb-btn-mobile__default-btn uagb-block-3292e605\"><div class=\"uagb-buttons__wrap uagb-buttons-layout-wrap \">\n<div class=\"wp-block-uagb-buttons-child uagb-buttons__outer-wrap uagb-block-256caa0b wp-block-button\"><div class=\"uagb-button__wrapper\"><a class=\"uagb-buttons-repeater ast-outline-button\" aria-label=\"\" style=\"border-width:revert-layer\" href=\"https:\/\/studio.eklozia.fr\/JVD\/category\/oeuvres-disponibles\/\" rel=\"follow noopener\" target=\"_self\" role=\"button\"><div class=\"uagb-button__link\">Oeuvres disponibles<\/div><\/a><\/div><\/div>\n<\/div><\/div>\n<a class=\"spectra-container-link-overlay\" rel=\"noopener\" href=\"https:\/\/studio.eklozia.fr\/JVD\/category\/oeuvres-disponibles\/\"> <\/a><\/div>\n\n\n\n<div class=\"wp-block-uagb-container uagb-block-dabcd585\">\n<div class=\"wp-block-uagb-buttons uagb-buttons__outer-wrap uagb-btn__default-btn uagb-btn-tablet__default-btn uagb-btn-mobile__default-btn uagb-block-04853d9d\"><div class=\"uagb-buttons__wrap uagb-buttons-layout-wrap \">\n<div class=\"wp-block-uagb-buttons-child uagb-buttons__outer-wrap uagb-block-83a11b6b wp-block-button\"><div class=\"uagb-button__wrapper\"><a class=\"uagb-buttons-repeater ast-outline-button\" aria-label=\"\" style=\"border-width:revert-layer\" href=\"https:\/\/studio.eklozia.fr\/JVD\/demarche-artistique\/\" rel=\"follow noopener\" target=\"_self\" role=\"button\"><div class=\"uagb-button__link\">\u00c0 propos<\/div><\/a><\/div><\/div>\n<\/div><\/div>\n<a class=\"spectra-container-link-overlay\" rel=\"noopener\" href=\"https:\/\/studio.eklozia.fr\/JVD\/demarche-artistique\/\"> <\/a><\/div>\n<\/div><\/div>\n<\/div><\/div>\n\n\n\n<div class=\"wp-block-uagb-container uagb-block-1977594e alignfull uagb-is-root-container\"><div class=\"uagb-container-inner-blocks-wrap\">\n<div class=\"wp-block-uagb-container uagb-block-2d16e5ab alignfull uagb-is-root-container\"><div class=\"uagb-container-inner-blocks-wrap\">\n<div class=\"wp-block-uagb-info-box uagb-block-d2b9030e uagb-infobox__content-wrap  uagb-infobox-icon-above-title uagb-infobox-image-valign-top\"><div class=\"uagb-ifb-content\"><div class=\"uagb-ifb-title-wrap\"><h2 class=\"uagb-ifb-title\">Portfolio<\/h2><\/div><p class=\"uagb-ifb-desc\">Lorem ipsum dolor sit amet, consectetur adipiscing elit. Ut elit tellus, luctus nec ullamcorper mattis, pulvinar dapibus leo.<\/p><div class=\"uagb-ifb-button-wrapper wp-block-button\"><a href=\"https:\/\/studio.eklozia.fr\/JVD\/wp-content\/uploads\/2024\/12\/PORTFOLIO-PDF.pdf\" class=\"uagb-infobox-cta-link wp-block-button__link\" target=\"_blank\" rel=\"noopener noreferrer\" onclick=\"return true;\"><span class=\"uagb-inline-editing\">Consulter<\/span><svg xmlns=\"https:\/\/www.w3.org\/2000\/svg\" viewBox=\"0 0 512 512\"><path d=\"M504.3 273.6l-112.1 104c-6.992 6.484-17.18 8.218-25.94 4.406c-8.758-3.812-14.42-12.45-14.42-21.1L351.9 288H32C14.33 288 .0002 273.7 .0002 255.1S14.33 224 32 224h319.9l0-72c0-9.547 5.66-18.19 14.42-22c8.754-3.809 18.95-2.075 25.94 4.41l112.1 104C514.6 247.9 514.6 264.1 504.3 273.6z\"><\/path><\/svg><\/a><\/div><\/div><\/div>\n<\/div><\/div>\n<\/div><\/div>\n\n\n\n<div class=\"wp-block-uagb-container uagb-block-666653f6 alignfull uagb-is-root-container\"><div class=\"uagb-container-inner-blocks-wrap\">\n<div class=\"wp-block-uagb-container uagb-block-d9b506e3\">\n<div class=\"wp-block-uagb-advanced-heading uagb-block-9d5a306b\"><h5 class=\"uagb-heading-text\">Inscrivez-vous \u00e0 ma liste de diffusion<\/h5><\/div>\n\n\n\n\t\t\t<form id=\"sib_signup_form_1\" method=\"post\" class=\"sib_signup_form\">\n\t\t\t\t<div class=\"sib_loader\" style=\"display:none;\"><img\n\t\t\t\t\t\t\tsrc=\"https:\/\/studio.eklozia.fr\/JVD\/wp-includes\/images\/spinner.gif\" alt=\"loader\"><\/div>\n\t\t\t\t<input type=\"hidden\" name=\"sib_form_action\" value=\"subscribe_form_submit\">\n\t\t\t\t<input type=\"hidden\" name=\"sib_form_id\" value=\"1\">\n                <input type=\"hidden\" name=\"sib_form_alert_notice\" value=\"Merci de remplir ce champ.\">\n                <input type=\"hidden\" name=\"sib_form_invalid_email_notice\" value=\"Votre adresse email est invalide.\">\n                <input type=\"hidden\" name=\"sib_security\" value=\"01111825b4\">\n\t\t\t\t<div class=\"sib_signup_box_inside_1\">\n\t\t\t\t\t<div style=\"\/*display:none*\/\" class=\"sib_msg_disp\">\n\t\t\t\t\t<\/div>\n                    \t\t\t\t\t<div class=\"newsletter\">\r\n<p class=\"sib-NAME-area\">\r\n<input type=\"text\" class=\"sib-NAME-area\" name=\"NAME\" required=\"required\" placeholder=\"Nom*\">\r\n<\/p>\r\n<p class=\"sib-FIRSTNAME-area\">\r\n<input type=\"text\" class=\"sib-FIRSTNAME-area\" name=\"FIRSTNAME\" required=\"required\" placeholder=\"Pr\u00e9nom*\">\r\n<\/p>\r\n<p class=\"sib-email-area\">\r\n<input type=\"email\" class=\"sib-email-area\" name=\"email\" required=\"required\" placeholder=\"Mail*\">\r\n<\/p>\r\n\r\n<p>\r\n    <input type=\"submit\" class=\"sib-default-btn\" value=\"S'inscrire\">\r\n<\/p>\r\n<\/div>\t\t\t\t<\/div>\n\t\t\t<\/form>\n\t\t\t<style>\n\t\t\t\tform#sib_signup_form_1 p.sib-alert-message {\n    padding: 6px 12px;\n    margin-bottom: 20px;\n    border: 1px solid transparent;\n    border-radius: 4px;\n    -webkit-box-sizing: border-box;\n    -moz-box-sizing: border-box;\n    box-sizing: border-box;\n}\nform#sib_signup_form_1 p.sib-alert-message-error {\n    background-color: #f2dede;\n    border-color: #ebccd1;\n    color: #a94442;\n}\nform#sib_signup_form_1 p.sib-alert-message-success {\n    background-color: #dff0d8;\n    border-color: #d6e9c6;\n    color: #3c763d;\n}\nform#sib_signup_form_1 p.sib-alert-message-warning {\n    background-color: #fcf8e3;\n    border-color: #faebcc;\n    color: #8a6d3b;\n}\n\t\t\t<\/style>\n\t\t\t\n<\/div>\n<\/div><\/div>\n","protected":false},"excerpt":{"rendered":"<p>Artiste plasticienne Jacqueline Vuillier-Devillers vit et travaille entre Besan\u00e7on et le Haut-Doubs o\u00f9 elle est n\u00e9e.C\u2019est \u00e0 travers une \u00e9criture personnelle renouvel\u00e9e, entre autres avec la lumi\u00e8re (photographies \/ vid\u00e9os) ; avec crayons, encres et peintures et aussi \u00e0 partir de blocs de terre, que cette plasticienne parle, nous am\u00e8ne \u00e0 regarder, \u00e0 r\u00e9fl\u00e9chir, \u00e0 [&hellip;]<\/p>\n","protected":false},"author":1,"featured_media":0,"parent":0,"menu_order":0,"comment_status":"closed","ping_status":"closed","template":"","meta":{"_uag_custom_page_level_css":"","site-sidebar-layout":"no-sidebar","site-content-layout":"plain-container","ast-site-content-layout":"normal-width-container","site-content-style":"unboxed","site-sidebar-style":"unboxed","ast-global-header-display":"","ast-banner-title-visibility":"","ast-main-header-display":"","ast-hfb-above-header-display":"","ast-hfb-below-header-display":"","ast-hfb-mobile-header-display":"","site-post-title":"disabled","ast-breadcrumbs-content":"","ast-featured-img":"disabled","footer-sml-layout":"","theme-transparent-header-meta":"enabled","adv-header-id-meta":"","stick-header-meta":"","header-above-stick-meta":"","header-main-stick-meta":"","header-below-stick-meta":"","astra-migrate-meta-layouts":"set","ast-page-background-enabled":"default","ast-page-background-meta":{"desktop":{"background-color":"","background-image":"","background-repeat":"repeat","background-position":"center center","background-size":"auto","background-attachment":"scroll","background-type":"","background-media":"","overlay-type":"","overlay-color":"","overlay-opacity":"","overlay-gradient":""},"tablet":{"background-color":"","background-image":"","background-repeat":"repeat","background-position":"center center","background-size":"auto","background-attachment":"scroll","background-type":"","background-media":"","overlay-type":"","overlay-color":"","overlay-opacity":"","overlay-gradient":""},"mobile":{"background-color":"","background-image":"","background-repeat":"repeat","background-position":"center center","background-size":"auto","background-attachment":"scroll","background-type":"","background-media":"","overlay-type":"","overlay-color":"","overlay-opacity":"","overlay-gradient":""}},"ast-content-background-meta":{"desktop":{"background-color":"var(--ast-global-color-5)","background-image":"","background-repeat":"repeat","background-position":"center center","background-size":"auto","background-attachment":"scroll","background-type":"","background-media":"","overlay-type":"","overlay-color":"","overlay-opacity":"","overlay-gradient":""},"tablet":{"background-color":"var(--ast-global-color-5)","background-image":"","background-repeat":"repeat","background-position":"center center","background-size":"auto","background-attachment":"scroll","background-type":"","background-media":"","overlay-type":"","overlay-color":"","overlay-opacity":"","overlay-gradient":""},"mobile":{"background-color":"var(--ast-global-color-5)","background-image":"","background-repeat":"repeat","background-position":"center center","background-size":"auto","background-attachment":"scroll","background-type":"","background-media":"","overlay-type":"","overlay-color":"","overlay-opacity":"","overlay-gradient":""}},"footnotes":""},"class_list":["post-690","page","type-page","status-publish","hentry"],"yoast_head":"<!-- This site is optimized with the Yoast SEO plugin v24.1 - https:\/\/yoast.com\/wordpress\/plugins\/seo\/ -->\n<title>Accueil - Jacqueline Vuillier-Devillers<\/title>\n<meta name=\"robots\" content=\"noindex, follow, max-snippet:-1, max-image-preview:large, max-video-preview:-1\" \/>\n<meta property=\"og:locale\" content=\"fr_FR\" \/>\n<meta property=\"og:type\" content=\"article\" \/>\n<meta property=\"og:title\" content=\"Accueil - Jacqueline Vuillier-Devillers\" \/>\n<meta property=\"og:description\" content=\"Artiste plasticienne Jacqueline Vuillier-Devillers vit et travaille entre Besan\u00e7on et le Haut-Doubs o\u00f9 elle est n\u00e9e.C\u2019est \u00e0 travers une \u00e9criture personnelle renouvel\u00e9e, entre autres avec la lumi\u00e8re (photographies \/ vid\u00e9os) ; avec crayons, encres et peintures et aussi \u00e0 partir de blocs de terre, que cette plasticienne parle, nous am\u00e8ne \u00e0 regarder, \u00e0 r\u00e9fl\u00e9chir, \u00e0 [&hellip;]\" \/>\n<meta property=\"og:url\" content=\"https:\/\/studio.eklozia.fr\/JVD\/\" \/>\n<meta property=\"og:site_name\" content=\"Jacqueline Vuillier-Devillers\" \/>\n<meta property=\"article:modified_time\" content=\"2024-12-20T13:53:50+00:00\" \/>\n<meta name=\"twitter:card\" content=\"summary_large_image\" \/>\n<meta name=\"twitter:label1\" content=\"Dur\u00e9e de lecture estim\u00e9e\" \/>\n\t<meta name=\"twitter:data1\" content=\"1 minute\" \/>\n<script type=\"application\/ld+json\" class=\"yoast-schema-graph\">{\"@context\":\"https:\/\/schema.org\",\"@graph\":[{\"@type\":\"WebPage\",\"@id\":\"https:\/\/studio.eklozia.fr\/JVD\/\",\"url\":\"https:\/\/studio.eklozia.fr\/JVD\/\",\"name\":\"Accueil - Jacqueline Vuillier-Devillers\",\"isPartOf\":{\"@id\":\"https:\/\/studio.eklozia.fr\/JVD\/#website\"},\"datePublished\":\"2024-09-23T15:24:23+00:00\",\"dateModified\":\"2024-12-20T13:53:50+00:00\",\"inLanguage\":\"fr-FR\",\"potentialAction\":[{\"@type\":\"ReadAction\",\"target\":[\"https:\/\/studio.eklozia.fr\/JVD\/\"]}]},{\"@type\":\"WebSite\",\"@id\":\"https:\/\/studio.eklozia.fr\/JVD\/#website\",\"url\":\"https:\/\/studio.eklozia.fr\/JVD\/\",\"name\":\"Jacqueline Vuillier-Devillers\",\"description\":\"\",\"potentialAction\":[{\"@type\":\"SearchAction\",\"target\":{\"@type\":\"EntryPoint\",\"urlTemplate\":\"https:\/\/studio.eklozia.fr\/JVD\/?s={search_term_string}\"},\"query-input\":{\"@type\":\"PropertyValueSpecification\",\"valueRequired\":true,\"valueName\":\"search_term_string\"}}],\"inLanguage\":\"fr-FR\"}]}<\/script>\n<!-- \/ Yoast SEO plugin. -->","yoast_head_json":{"title":"Accueil - Jacqueline Vuillier-Devillers","robots":{"index":"noindex","follow":"follow","max-snippet":"max-snippet:-1","max-image-preview":"max-image-preview:large","max-video-preview":"max-video-preview:-1"},"og_locale":"fr_FR","og_type":"article","og_title":"Accueil - Jacqueline Vuillier-Devillers","og_description":"Artiste plasticienne Jacqueline Vuillier-Devillers vit et travaille entre Besan\u00e7on et le Haut-Doubs o\u00f9 elle est n\u00e9e.C\u2019est \u00e0 travers une \u00e9criture personnelle renouvel\u00e9e, entre autres avec la lumi\u00e8re (photographies \/ vid\u00e9os) ; avec crayons, encres et peintures et aussi \u00e0 partir de blocs de terre, que cette plasticienne parle, nous am\u00e8ne \u00e0 regarder, \u00e0 r\u00e9fl\u00e9chir, \u00e0 [&hellip;]","og_url":"https:\/\/studio.eklozia.fr\/JVD\/","og_site_name":"Jacqueline Vuillier-Devillers","article_modified_time":"2024-12-20T13:53:50+00:00","twitter_card":"summary_large_image","twitter_misc":{"Dur\u00e9e de lecture estim\u00e9e":"1 minute"},"schema":{"@context":"https:\/\/schema.org","@graph":[{"@type":"WebPage","@id":"https:\/\/studio.eklozia.fr\/JVD\/","url":"https:\/\/studio.eklozia.fr\/JVD\/","name":"Accueil - Jacqueline Vuillier-Devillers","isPartOf":{"@id":"https:\/\/studio.eklozia.fr\/JVD\/#website"},"datePublished":"2024-09-23T15:24:23+00:00","dateModified":"2024-12-20T13:53:50+00:00","inLanguage":"fr-FR","potentialAction":[{"@type":"ReadAction","target":["https:\/\/studio.eklozia.fr\/JVD\/"]}]},{"@type":"WebSite","@id":"https:\/\/studio.eklozia.fr\/JVD\/#website","url":"https:\/\/studio.eklozia.fr\/JVD\/","name":"Jacqueline Vuillier-Devillers","description":"","potentialAction":[{"@type":"SearchAction","target":{"@type":"EntryPoint","urlTemplate":"https:\/\/studio.eklozia.fr\/JVD\/?s={search_term_string}"},"query-input":{"@type":"PropertyValueSpecification","valueRequired":true,"valueName":"search_term_string"}}],"inLanguage":"fr-FR"}]}},"uagb_featured_image_src":{"full":false,"thumbnail":false,"medium":false,"medium_large":false,"large":false,"1536x1536":false,"2048x2048":false},"uagb_author_info":{"display_name":"Lydie","author_link":"https:\/\/studio.eklozia.fr\/JVD\/author\/lydie\/"},"uagb_comment_info":0,"uagb_excerpt":"Artiste plasticienne Jacqueline Vuillier-Devillers vit et travaille entre Besan\u00e7on et le Haut-Doubs o\u00f9 elle est n\u00e9e.C\u2019est \u00e0 travers une \u00e9criture personnelle renouvel\u00e9e, entre autres avec la lumi\u00e8re (photographies \/ vid\u00e9os) ; avec crayons, encres et peintures et aussi \u00e0 partir de blocs de terre, que cette plasticienne parle, nous am\u00e8ne \u00e0 regarder, \u00e0 r\u00e9fl\u00e9chir, \u00e0\u2026","_links":{"self":[{"href":"https:\/\/studio.eklozia.fr\/JVD\/wp-json\/wp\/v2\/pages\/690","targetHints":{"allow":["GET"]}}],"collection":[{"href":"https:\/\/studio.eklozia.fr\/JVD\/wp-json\/wp\/v2\/pages"}],"about":[{"href":"https:\/\/studio.eklozia.fr\/JVD\/wp-json\/wp\/v2\/types\/page"}],"author":[{"embeddable":true,"href":"https:\/\/studio.eklozia.fr\/JVD\/wp-json\/wp\/v2\/users\/1"}],"replies":[{"embeddable":true,"href":"https:\/\/studio.eklozia.fr\/JVD\/wp-json\/wp\/v2\/comments?post=690"}],"version-history":[{"count":65,"href":"https:\/\/studio.eklozia.fr\/JVD\/wp-json\/wp\/v2\/pages\/690\/revisions"}],"predecessor-version":[{"id":2386,"href":"https:\/\/studio.eklozia.fr\/JVD\/wp-json\/wp\/v2\/pages\/690\/revisions\/2386"}],"wp:attachment":[{"href":"https:\/\/studio.eklozia.fr\/JVD\/wp-json\/wp\/v2\/media?parent=690"}],"curies":[{"name":"wp","href":"https:\/\/api.w.org\/{rel}","templated":true}]}}